{"id":15881,"date":"2021-05-06T10:20:16","date_gmt":"2021-05-06T08:20:16","guid":{"rendered":"https:\/\/www.k-m.de\/brand\/?page_id=15881"},"modified":"2025-09-29T11:27:29","modified_gmt":"2025-09-29T09:27:29","slug":"ausbildungsstellen","status":"publish","type":"page","link":"https:\/\/www.k-m.de\/brand\/de\/koenig-meyer\/ausbildungsstellen\/","title":{"rendered":"Ausbildungsstellen"},"content":{"rendered":"<div class=\"wpb-content-wrapper\"><p>[vc_row][vc_column][vc_column_text]<\/p>\n<p >[\/vc_column_text][\/vc_column][\/vc_row][vc_row full_width=&#8220;stretch_row_content_no_spaces&#8220;][vc_column]\n<div class=\"main_teasers owl-carousel owl-theme\">\n\t\t\t\t\t<div class=\"main_teaser main_teaser_light\">\n\t\t\t<div class=\"main_teaser_text\">\n\t\t\t\t\t\t\t\t\t\t\t\t\t\t\t\t\t<a class=\"main_teaser_prev\"><\/a>\n\t\t\t\t\t<a class=\"main_teaser_next\"><\/a>\n\t\t\t\t\t\t\t\t\t\t\t<\/div>\n\t\t\t<img decoding=\"async\" src=\"https:\/\/www.k-m.de\/brand\/wp-content\/uploads\/2019\/03\/Karriere_03-1.jpg\" \/>\n\t\t<\/div>\n\t\t\t\t\t<div class=\"main_teaser main_teaser_light\">\n\t\t\t<div class=\"main_teaser_text\">\n\t\t\t\t\t\t\t\t\t\t\t\t\t\t\t\t\t<a class=\"main_teaser_prev\"><\/a>\n\t\t\t\t\t<a class=\"main_teaser_next\"><\/a>\n\t\t\t\t\t\t\t\t\t\t\t<\/div>\n\t\t\t<img decoding=\"async\" src=\"https:\/\/www.k-m.de\/brand\/wp-content\/uploads\/2021\/07\/Metallbearbeitung-1800x900.jpg\" \/>\n\t\t<\/div>\n\t\t\t\t\t<div class=\"main_teaser main_teaser_light\">\n\t\t\t<div class=\"main_teaser_text\">\n\t\t\t\t\t\t\t\t\t\t\t\t\t\t\t\t\t<a class=\"main_teaser_prev\"><\/a>\n\t\t\t\t\t<a class=\"main_teaser_next\"><\/a>\n\t\t\t\t\t\t\t\t\t\t\t<\/div>\n\t\t\t<img decoding=\"async\" src=\"https:\/\/www.k-m.de\/brand\/wp-content\/uploads\/2018\/07\/Konstruktionsmechanik-1800x900.jpg\" \/>\n\t\t<\/div>\n\t\t\t\t\t<div class=\"main_teaser main_teaser_light\">\n\t\t\t<div class=\"main_teaser_text\">\n\t\t\t\t\t\t\t\t\t\t\t\t\t\t\t\t\t<a class=\"main_teaser_prev\"><\/a>\n\t\t\t\t\t<a class=\"main_teaser_next\"><\/a>\n\t\t\t\t\t\t\t\t\t\t\t<\/div>\n\t\t\t<img decoding=\"async\" src=\"https:\/\/www.k-m.de\/brand\/wp-content\/uploads\/2018\/07\/Zerspanungsmechanik-1800x900.jpg\" \/>\n\t\t<\/div>\n\t<\/div>[\/vc_column][\/vc_row][vc_row el_class=&#8220;content_m&#8220;][vc_column][vc_column_text css=&#8220;&#8220;]<\/p>\n<h1  style=\"text-align: center;\">Ausbildung bei K\u00f6nig &amp; Meyer in Wertheim<\/h1>\n<p  style=\"text-align: center;\">Werde Teil unseres Familienunternehmens und starte Deine Ausbildung am beliebten und attraktiven Industriestandort Wertheim!<\/p>\n<p  style=\"text-align: center;\">Hier haben wir seit 75 Jahren unseren Sitz als einer der weltmarktf\u00fchrenden Produzenten f\u00fcr Musikzubeh\u00f6r und -Equipment. Ob Notenpult oder Mikrofonst\u00e4nder, unsere hochwertig verarbeiteten Produkte kommen weltweit zum Einsatz \u2013 wom\u00f6glich sogar in deinem Zuhause.<\/p>\n<p  style=\"text-align: center;\">Eine Ausbildungsstelle bei uns am Standort Wertheim ist der ideale Einstieg in dein Berufsleben in einem vielf\u00e4ltigen und spannenden Industrieunternehmen. Du wirst von unseren geschulten Meister:innen praxisnah ausgebildet und lernst neben der interessanten Arbeit in einem f\u00fcr Dich passenden Bereich auch die unterschiedlichsten Menschen kennen. Alle Mitarbeiter:innen tragen gemeinsam mit dir dazu bei, dass K\u00f6nig &amp; Meyer mehr ist als nur ein Unternehmen: Denn hier findet jede:r ihren\/ seinen Platz.<\/p>\n<p >[\/vc_column_text][vc_empty_space height=&#8220;100px&#8220;][\/vc_column][\/vc_row][vc_row full_width=&#8220;stretch_row_content&#8220; gap=&#8220;35&#8243; el_class=&#8220;content_l bg_light_grey&#8220;][vc_column][vc_empty_space height=&#8220;50px&#8220;][vc_column_text css=&#8220;&#8220;]<\/p>\n<h2 >Was dich bei K\u00f6nig &amp; Meyer erwartet<\/h2>\n<p >[\/vc_column_text][vc_empty_space height=&#8220;20px&#8220;][vc_row_inner content_placement=&#8220;middle&#8220;][vc_column_inner width=&#8220;1\/2&#8243;][vc_empty_space height=&#8220;20px&#8220;][vc_column_text]<\/p>\n<ul class=\"check_list\">\n<li ><strong>Hohes fachliches Niveau der Ausbildung<\/strong> durch Erfahrungswerte und Know-How der Meister:innen und Ausbilder:innen. Dies spiegelt sich in den vielen Kammersieger:innen und Landessieger:innen wider.<\/li>\n<li ><strong>Gutes Betriebsklima<\/strong> (Teamorientierung, Weihnachtsfeiern, Grillevents, Ausfl\u00fcge, Sportgruppen)<\/li>\n<li ><strong>\u00dcbernahmegarantie nach bestandener Abschlusspr\u00fcfung<\/strong><\/li>\n<li ><strong>36 Stunden \u2013 Woche<\/strong> (35 Stunden Sommerzeit, 37 Stunden Winterzeit, somit mehr Freizeit im Sommer)<\/li>\n<li >Attraktive Bonuszahlungen (z.B. Weihnachtsgeld &amp; Gewinnbeteiligungen)<\/li>\n<li >Erfolgspr\u00e4mien f\u00fcr besondere Leistungen in der Ausbildung<\/li>\n<li >Vielf\u00e4ltige Ausbildung<\/li>\n<li >Azubis sind vom ersten Tag an vollwertige Teammitglieder:innen und werden im Betriebsrat von unserer Jugend- und Auszubildendenvertretung (JAV) vertreten.<\/li>\n<\/ul>\n<p >[\/vc_column_text][vc_empty_space height=&#8220;50px&#8220;][\/vc_column_inner][vc_column_inner width=&#8220;1\/2&#8243;][vc_single_image image=&#8220;37005&#8243; img_size=&#8220;full&#8220; onclick=&#8220;custom_link&#8220; img_link_target=&#8220;_blank&#8220; css=&#8220;&#8220; link=&#8220;https:\/\/www.k-m.de\/brand\/wp-content\/uploads\/2024\/08\/RZ_Ausbildungsbroschuere_web.pdf&#8220;][vc_column_text css=&#8220;&#8220;]<\/p>\n<p  style=\"text-align: center;\"><a href=\"https:\/\/www.k-m.de\/brand\/wp-content\/uploads\/2024\/08\/RZ_Ausbildungsbroschuere_web.pdf\" target=\"_blank\" rel=\"noopener\">Jetzt Ausbildungsbrosch\u00fcre herunterladen!<\/a><\/p>\n<p >[\/vc_column_text][\/vc_column_inner][\/vc_row_inner][vc_empty_space height=&#8220;50px&#8220;][\/vc_column][\/vc_row][vc_row][vc_column][vc_empty_space]<div class=\"content_l\">\n\t<div class=\"jobs_module\">\n\t\t<h2>Unsere aktuellen Ausbildungspl\u00e4tze<\/h2>\t\t<center class=\"content_m\">Sichere Dir jetzt einen Ausbildungsplatz bei K\u00f6nig & Meyer! Wir bieten Berufsausbildungen in den verschiedensten T\u00e4tigkeitsbereichen an. Von Verarbeitung bis Vertrieb, ob als Vollzeitausbildung oder Duales Studium \u2013 bei uns ist f\u00fcr jede:n die passende Ausbildungsstelle dabei. Also, worauf wartest Du noch? Ergreife Deine Chance und werde Mitglied der K&M-Familie!<\/center>\n\t\t\n\t\t<div class=\"jobs_grid\"><a class=\"job job_category_3\" href=\"https:\/\/www.k-m.de\/brand\/de\/jobs\/bachelor-m-w-of-arts-ba-industrie\/\">\n\t\n\t<span class=\"job_content\">\n\t\t<h3>Bachelor of Arts &#8211; Industrial Management (m\/w\/d)<\/h3>\n\t\t\n\t\t<p>keine freien Ausbildungsstellen<\/p>\t<\/span>\n\t\n\t<span class=\"button\" href=\"https:\/\/www.k-m.de\/brand\/de\/jobs\/bachelor-m-w-of-arts-ba-industrie\/\">Mehr erfahren<\/span>\n<\/a><a class=\"job job_category_3\" href=\"https:\/\/www.k-m.de\/brand\/de\/jobs\/fachkraft-fuer-lagerlogistik-m-w\/\">\n\t\n\t<span class=\"job_content\">\n\t\t<h3>Fachkraft f\u00fcr Lagerlogistik Ausbildung (m\/w\/d)<\/h3>\n\t\t\n\t\t<p>keine freien Ausbildungsstellen<\/p>\t<\/span>\n\t\n\t<span class=\"button\" href=\"https:\/\/www.k-m.de\/brand\/de\/jobs\/fachkraft-fuer-lagerlogistik-m-w\/\">Mehr erfahren<\/span>\n<\/a><a class=\"job job_category_3\" href=\"https:\/\/www.k-m.de\/brand\/de\/jobs\/kunststoff-und-kautschuktechnologe\/\">\n\t\n\t<span class=\"job_content\">\n\t\t<h3>Kunststoff- und Kautschuktechnologe\/-technologin Ausbildung (m\/w\/d)<\/h3>\n\t\t\n\t\t\t\t\t\t<p>1 Ausbildungsstelle f\u00fcr 2026<\/p>\n\t\t\t\t<\/span>\n\t\n\t<span class=\"button\" href=\"https:\/\/www.k-m.de\/brand\/de\/jobs\/kunststoff-und-kautschuktechnologe\/\">Mehr erfahren<\/span>\n<\/a><a class=\"job job_category_3\" href=\"https:\/\/www.k-m.de\/brand\/de\/jobs\/industriekauffrau-kaufmann\/\">\n\t\n\t<span class=\"job_content\">\n\t\t<h3>Industriekauffrau\/-mann Ausbildung (m\/w\/d)<\/h3>\n\t\t\n\t\t<p>keine freien Ausbildungsstellen<\/p>\t<\/span>\n\t\n\t<span class=\"button\" href=\"https:\/\/www.k-m.de\/brand\/de\/jobs\/industriekauffrau-kaufmann\/\">Mehr erfahren<\/span>\n<\/a><a class=\"job job_category_3\" href=\"https:\/\/www.k-m.de\/brand\/de\/jobs\/mechatroniker-in\/\">\n\t\n\t<span class=\"job_content\">\n\t\t<h3>Mechatroniker:in Ausbildung (m\/w\/d)<\/h3>\n\t\t\n\t\t\t\t\t\t<p>2 Ausbildungsstellen f\u00fcr 2026<\/p>\n\t\t\t\t<\/span>\n\t\n\t<span class=\"button\" href=\"https:\/\/www.k-m.de\/brand\/de\/jobs\/mechatroniker-in\/\">Mehr erfahren<\/span>\n<\/a><a class=\"job job_category_3\" href=\"https:\/\/www.k-m.de\/brand\/de\/jobs\/feinwerkmechaniker-in-werkzeugbau\/\">\n\t\n\t<span class=\"job_content\">\n\t\t<h3>Feinwerkmechaniker:in Ausbildung (m\/w\/d)<\/h3>\n\t\t\n\t\t\t\t\t\t<p>4 Ausbildungsstellen f\u00fcr 2026<\/p>\n\t\t\t\t<\/span>\n\t\n\t<span class=\"button\" href=\"https:\/\/www.k-m.de\/brand\/de\/jobs\/feinwerkmechaniker-in-werkzeugbau\/\">Mehr erfahren<\/span>\n<\/a><a class=\"job job_category_3\" href=\"https:\/\/www.k-m.de\/brand\/de\/jobs\/konstruktionsmechaniker\/\">\n\t\n\t<span class=\"job_content\">\n\t\t<h3>Konstruktionsmechaniker:in Ausbildung (m\/w\/d)<\/h3>\n\t\t\n\t\t\t\t\t\t<p>1 Ausbildungsstelle f\u00fcr 2026<\/p>\n\t\t\t\t<\/span>\n\t\n\t<span class=\"button\" href=\"https:\/\/www.k-m.de\/brand\/de\/jobs\/konstruktionsmechaniker\/\">Mehr erfahren<\/span>\n<\/a><a class=\"job job_category_3\" href=\"https:\/\/www.k-m.de\/brand\/de\/jobs\/zerspanungsmechaniker\/\">\n\t\n\t<span class=\"job_content\">\n\t\t<h3>Zerspanungsmechaniker:in Ausbildung (m\/w\/d)<\/h3>\n\t\t\n\t\t\t\t\t\t<p>1 Ausbildungsstelle f\u00fcr 2026<\/p>\n\t\t\t\t<\/span>\n\t\n\t<span class=\"button\" href=\"https:\/\/www.k-m.de\/brand\/de\/jobs\/zerspanungsmechaniker\/\">Mehr erfahren<\/span>\n<\/a><\/div>\n\t\t\t<\/div>\n<\/div>[\/vc_column][\/vc_row][vc_row][vc_column][vc_column_text]<\/p>\n<h2  style=\"text-align: center;\">koenigundmeyer_ausbildung auf Instagram<\/h2>\n<p >[\/vc_column_text][vc_column_text]    <div id=\"flockler-embed-17e44451e7e0772af40bee4e1dfdca19\" data-via-shortcode=\"true\"><\/div>[\/vc_column_text][vc_empty_space height=&#8220;70px&#8220;][\/vc_column][\/vc_row][vc_row full_width=&#8220;stretch_row_content_no_spaces&#8220;][vc_column]\n<section class=\"testimonials bg_light_grey\">\n\t<div class=\"container\">\n\t\t\n\t\t<div class=\"default_slider\" data-items=\"1\" data-autoplay=\"true\" data-autoplay-timeout=\"10000\" data-nav=\"true\" data-dots=\"true\">\n\t\t\t<div class=\"testimonial\">\n\t<div class=\"testimonial_avatar\">\n\t\t<span class=\"image_wrapper_centered image_wrapper_circle\">\n\t\t\t<img loading=\"lazy\" decoding=\"async\" width=\"600\" height=\"600\" src=\"https:\/\/www.k-m.de\/brand\/wp-content\/uploads\/2024\/03\/MicrosoftTeams-image-5-600x600.jpg\" class=\"attachment-medium_cropped size-medium_cropped wp-post-image\" alt=\"Portrait Foto Leonarda Mattern\" srcset=\"https:\/\/www.k-m.de\/brand\/wp-content\/uploads\/2024\/03\/MicrosoftTeams-image-5.jpg 600w, https:\/\/www.k-m.de\/brand\/wp-content\/uploads\/2024\/03\/MicrosoftTeams-image-5-300x300.jpg 300w, https:\/\/www.k-m.de\/brand\/wp-content\/uploads\/2024\/03\/MicrosoftTeams-image-5-24x24.jpg 24w, https:\/\/www.k-m.de\/brand\/wp-content\/uploads\/2024\/03\/MicrosoftTeams-image-5-48x48.jpg 48w, https:\/\/www.k-m.de\/brand\/wp-content\/uploads\/2024\/03\/MicrosoftTeams-image-5-96x96.jpg 96w, https:\/\/www.k-m.de\/brand\/wp-content\/uploads\/2024\/03\/MicrosoftTeams-image-5-150x150.jpg 150w\" sizes=\"auto, (max-width: 600px) 100vw, 600px\" \/>\t\t<\/span>\n\t\t<strong>Leonarda Mattern<\/strong>\n\t\t<p>Absolventin Bachelor of Arts \/ Industrie<\/p>\n\t<\/div>\n\t<div class=\"testimonial_content\">\n\t\t<p>\u201eOb auf der B\u00fchne im Urlaub oder in der Halbzeitshow beim Superbowl &#8211; \u00fcberall\u00a0 entdeckt man Produkte von K&amp;M. Das macht mich immer wieder stolz, Teil dieser Firma zu sein. W\u00e4hrend man im klassischen Studium unter Mitstudierenden untergeht, sind es im dualen Studium nur ca. 20 andere. So entsteht zu den Dozent:innen und Kommiliton:innen schnell ein pers\u00f6nlicher Bezug. Aber nicht nur im Studium entwickelt sich diese pers\u00f6nliche Bindung: Auch bei K&amp;M kennt man sich untereinander, was einem das Gef\u00fchl gibt, dazu zu geh\u00f6ren und eine tolle Arbeitsatmosph\u00e4re schafft.\u201c<\/p>\n\t<\/div>\n<\/div><div class=\"testimonial\">\n\t<div class=\"testimonial_avatar\">\n\t\t<span class=\"image_wrapper_centered image_wrapper_circle\">\n\t\t\t<img loading=\"lazy\" decoding=\"async\" width=\"600\" height=\"600\" src=\"https:\/\/www.k-m.de\/brand\/wp-content\/uploads\/2022\/02\/IMG_3946-600x600.jpeg\" class=\"attachment-medium_cropped size-medium_cropped wp-post-image\" alt=\"Portrait von Stefan Horun\" srcset=\"https:\/\/www.k-m.de\/brand\/wp-content\/uploads\/2022\/02\/IMG_3946-600x600.jpeg 600w, https:\/\/www.k-m.de\/brand\/wp-content\/uploads\/2022\/02\/IMG_3946-24x24.jpeg 24w, https:\/\/www.k-m.de\/brand\/wp-content\/uploads\/2022\/02\/IMG_3946-48x48.jpeg 48w, https:\/\/www.k-m.de\/brand\/wp-content\/uploads\/2022\/02\/IMG_3946-96x96.jpeg 96w, https:\/\/www.k-m.de\/brand\/wp-content\/uploads\/2022\/02\/IMG_3946-150x150.jpeg 150w, https:\/\/www.k-m.de\/brand\/wp-content\/uploads\/2022\/02\/IMG_3946-300x300.jpeg 300w\" sizes=\"auto, (max-width: 600px) 100vw, 600px\" \/>\t\t<\/span>\n\t\t<strong>Stefan Horun<\/strong>\n\t\t<p>Ausbilder zum\/ zur Konstruktionsmechaniker:in<\/p>\n\t<\/div>\n\t<div class=\"testimonial_content\">\n\t\t<p>\u201eAls Konstruktionsmechaniker:in bist Du ein wichtiges Bindeglied zwischen der Produktion und dem allt\u00e4glichen Leben im Unternehmen.<\/p>\n<p>Dich erwartet ein immer wieder wechselnder Arbeitsbereich mit neuen Herausforderungen.<\/p>\n<p>Deine Aufgaben umfassen die Konstruktion und Herstellung von Bauteilen, die Instandhaltung sowie die Wartungen der Konstruktionen und Geb\u00e4ude.<\/p>\n<p>Du erlernst die Grundfertigkeiten der Metalltechnik wie Schwei\u00dfen, Bohren, S\u00e4gen und setzt diese gezielt in jeder Aufgabe um.<\/p>\n<p>Jeder Tag ist aufs Neue interessant und abwechslungsreich, sodass es nie langweilig wird.\u201c<\/p>\n\t<\/div>\n<\/div><div class=\"testimonial\">\n\t<div class=\"testimonial_avatar\">\n\t\t<span class=\"image_wrapper_centered image_wrapper_circle\">\n\t\t\t<img loading=\"lazy\" decoding=\"async\" width=\"600\" height=\"600\" src=\"https:\/\/www.k-m.de\/brand\/wp-content\/uploads\/2021\/05\/IMG_3422-600x600.jpeg\" class=\"attachment-medium_cropped size-medium_cropped wp-post-image\" alt=\"Portrait von Mario Ballweg bei K&amp;M\" srcset=\"https:\/\/www.k-m.de\/brand\/wp-content\/uploads\/2021\/05\/IMG_3422-600x600.jpeg 600w, https:\/\/www.k-m.de\/brand\/wp-content\/uploads\/2021\/05\/IMG_3422-24x24.jpeg 24w, https:\/\/www.k-m.de\/brand\/wp-content\/uploads\/2021\/05\/IMG_3422-48x48.jpeg 48w, https:\/\/www.k-m.de\/brand\/wp-content\/uploads\/2021\/05\/IMG_3422-96x96.jpeg 96w, https:\/\/www.k-m.de\/brand\/wp-content\/uploads\/2021\/05\/IMG_3422-150x150.jpeg 150w, https:\/\/www.k-m.de\/brand\/wp-content\/uploads\/2021\/05\/IMG_3422-300x300.jpeg 300w\" sizes=\"auto, (max-width: 600px) 100vw, 600px\" \/>\t\t<\/span>\n\t\t<strong>Mario Ballweg<\/strong>\n\t\t<p>Ausbilder zum Zerspanungsmechaniker:in Fachrichtung Drehtechnik<\/p>\n\t<\/div>\n\t<div class=\"testimonial_content\">\n\t\t<p>&#8222;Als Zerspanungsmechaniker:in ist Deine Aufgabe die Herstellung von Serienteilen in unserer Dreherei. Du planst die Herstellung der Drehteile und schreibst Programme f\u00fcr die CNC Langdrehautomaten. Du w\u00e4hlst Maschinen, Spannmittel, Werkzeuge und Pr\u00fcfmittel nach Aspekten wie Herstellbarkeit, Wirtschaftlichkeit und Bearbeitungsdauer aus. Laufende Prozesse werden von Dir betreut und die Qualit\u00e4tspr\u00fcfung der Werkst\u00fccke unterliegt Deiner Verantwortung.&#8220;<\/p>\n\t<\/div>\n<\/div><div class=\"testimonial\">\n\t<div class=\"testimonial_avatar\">\n\t\t<span class=\"image_wrapper_centered image_wrapper_circle\">\n\t\t\t<img loading=\"lazy\" decoding=\"async\" width=\"600\" height=\"600\" src=\"https:\/\/www.k-m.de\/brand\/wp-content\/uploads\/2021\/05\/7R9A7292_final-600x600.jpg\" class=\"attachment-medium_cropped size-medium_cropped wp-post-image\" alt=\"Portraitfoto von Anne Oberdorf\" srcset=\"https:\/\/www.k-m.de\/brand\/wp-content\/uploads\/2021\/05\/7R9A7292_final-600x600.jpg 600w, https:\/\/www.k-m.de\/brand\/wp-content\/uploads\/2021\/05\/7R9A7292_final-24x24.jpg 24w, https:\/\/www.k-m.de\/brand\/wp-content\/uploads\/2021\/05\/7R9A7292_final-48x48.jpg 48w, https:\/\/www.k-m.de\/brand\/wp-content\/uploads\/2021\/05\/7R9A7292_final-96x96.jpg 96w, https:\/\/www.k-m.de\/brand\/wp-content\/uploads\/2021\/05\/7R9A7292_final-150x150.jpg 150w, https:\/\/www.k-m.de\/brand\/wp-content\/uploads\/2021\/05\/7R9A7292_final-300x300.jpg 300w\" sizes=\"auto, (max-width: 600px) 100vw, 600px\" \/>\t\t<\/span>\n\t\t<strong>Anne Oberdorf<\/strong>\n\t\t<p>Fachkraft f\u00fcr Lagerlogistik<\/p>\n\t<\/div>\n\t<div class=\"testimonial_content\">\n\t\t<p><span class=\"TextRun SCXW226481526 BCX0\" lang=\"DE-DE\" xml:lang=\"DE-DE\" data-contrast=\"auto\"><span class=\"NormalTextRun SCXW226481526 BCX0\">\u201eK\u00f6nig &amp; Meyer ist f\u00fcr mich, wie meine zweite gro\u00dfe Familie. Wenn Du bei uns Deine Ausbildung beginnst, wirst auch Du ein kleiner Teil davon werden. Als Jugend- und Auszubildendenvertretung <\/span><span class=\"NormalTextRun SCXW226481526 BCX0\">werde ich Dich in Deiner Ausbildung begleiten und immer ein offenes Ohr f\u00fcr Dich haben. Ich hoffe, Dich bald als Mitglied in der K&amp;M-Familie willkommen zu hei\u00dfen.\u201c<\/span><\/span><span class=\"EOP SCXW226481526 BCX0\" data-ccp-props=\"{}\">\u00a0<\/span><\/p>\n\t<\/div>\n<\/div><div class=\"testimonial\">\n\t<div class=\"testimonial_avatar\">\n\t\t<span class=\"image_wrapper_centered image_wrapper_circle\">\n\t\t\t<img loading=\"lazy\" decoding=\"async\" width=\"600\" height=\"600\" src=\"https:\/\/www.k-m.de\/brand\/wp-content\/uploads\/2021\/05\/7R9A7388_final-600x600.jpeg\" class=\"attachment-medium_cropped size-medium_cropped wp-post-image\" alt=\"Oliver Radul Portraitfoto\" srcset=\"https:\/\/www.k-m.de\/brand\/wp-content\/uploads\/2021\/05\/7R9A7388_final-600x600.jpeg 600w, https:\/\/www.k-m.de\/brand\/wp-content\/uploads\/2021\/05\/7R9A7388_final-24x24.jpeg 24w, https:\/\/www.k-m.de\/brand\/wp-content\/uploads\/2021\/05\/7R9A7388_final-48x48.jpeg 48w, https:\/\/www.k-m.de\/brand\/wp-content\/uploads\/2021\/05\/7R9A7388_final-96x96.jpeg 96w, https:\/\/www.k-m.de\/brand\/wp-content\/uploads\/2021\/05\/7R9A7388_final-150x150.jpeg 150w, https:\/\/www.k-m.de\/brand\/wp-content\/uploads\/2021\/05\/7R9A7388_final-300x300.jpeg 300w\" sizes=\"auto, (max-width: 600px) 100vw, 600px\" \/>\t\t<\/span>\n\t\t<strong>Oliver Radul<\/strong>\n\t\t<p>Auszubildender zum Kunststoff- und Kautschuktechnologe<\/p>\n\t<\/div>\n\t<div class=\"testimonial_content\">\n\t\t<p><span class=\"TextRun SCXW160685730 BCX0\" lang=\"DE-DE\" xml:lang=\"DE-DE\" data-contrast=\"auto\"><span class=\"NormalTextRun SCXW160685730 BCX0\">\u201eStarte <\/span><span class=\"NormalTextRun SCXW160685730 BCX0\">D<\/span><span class=\"NormalTextRun SCXW160685730 BCX0\">eine berufliche Reise als Kunststoff- und Kautschuktechnologe<\/span><span class=\"NormalTextRun SCXW160685730 BCX0\">\/-technologin<\/span><span class=\"NormalTextRun SCXW160685730 BCX0\"> bei K<\/span><span class=\"NormalTextRun SCXW160685730 BCX0\">\u00f6nig &amp; Meyer<\/span><span class=\"NormalTextRun SCXW160685730 BCX0\">! Im ersten Ausbildungsjahr erlebe ich eine faszinierende Vielfalt an Aufgaben und Herausforderungen. K&amp;M bietet nicht nur einen innovativen Arbeitsbereich, sondern auch eine unterst\u00fctzende und inspirierende Atmosph\u00e4re. Schlie\u00dfe <\/span><span class=\"NormalTextRun SCXW160685730 BCX0\">auch Du Dich<\/span><span class=\"NormalTextRun SCXW160685730 BCX0\"> unserem Team an und gestalte jeden Tag in einer dynamischen Umgebung. <\/span><span class=\"NormalTextRun ContextualSpellingAndGrammarErrorV2Themed SCXW160685730 BCX0\">Werde<\/span><span class=\"NormalTextRun SCXW160685730 BCX0\"> Teil von K&amp;M \u2013 wo Herausforderungen zu Chancen werden!\u201c<\/span><\/span><span class=\"EOP SCXW160685730 BCX0\" data-ccp-props=\"{}\">\u00a0<\/span><\/p>\n\t<\/div>\n<\/div><div class=\"testimonial\">\n\t<div class=\"testimonial_avatar\">\n\t\t<span class=\"image_wrapper_centered image_wrapper_circle\">\n\t\t\t<img loading=\"lazy\" decoding=\"async\" width=\"600\" height=\"600\" src=\"https:\/\/www.k-m.de\/brand\/wp-content\/uploads\/2021\/05\/7R9A7325_final-600x600.jpeg\" class=\"attachment-medium_cropped size-medium_cropped wp-post-image\" alt=\"Portraitfoto von Valentin Hergenhan\" srcset=\"https:\/\/www.k-m.de\/brand\/wp-content\/uploads\/2021\/05\/7R9A7325_final-600x600.jpeg 600w, https:\/\/www.k-m.de\/brand\/wp-content\/uploads\/2021\/05\/7R9A7325_final-24x24.jpeg 24w, https:\/\/www.k-m.de\/brand\/wp-content\/uploads\/2021\/05\/7R9A7325_final-48x48.jpeg 48w, https:\/\/www.k-m.de\/brand\/wp-content\/uploads\/2021\/05\/7R9A7325_final-96x96.jpeg 96w, https:\/\/www.k-m.de\/brand\/wp-content\/uploads\/2021\/05\/7R9A7325_final-150x150.jpeg 150w, https:\/\/www.k-m.de\/brand\/wp-content\/uploads\/2021\/05\/7R9A7325_final-300x300.jpeg 300w\" sizes=\"auto, (max-width: 600px) 100vw, 600px\" \/>\t\t<\/span>\n\t\t<strong>Valentin Hergenhan<\/strong>\n\t\t<p>Fachkraft f\u00fcr Lagerlogistik<\/p>\n\t<\/div>\n\t<div class=\"testimonial_content\">\n\t\t<p><span class=\"TextRun SCXW255594633 BCX0\" lang=\"DE-DE\" xml:lang=\"DE-DE\" data-contrast=\"auto\"><span class=\"NormalTextRun SCXW255594633 BCX0\">\u201eK<\/span><span class=\"NormalTextRun SCXW255594633 BCX0\">\u00f6nig &amp; Meyer<\/span><span class=\"NormalTextRun SCXW255594633 BCX0\"> Produkte werden \u00fcberall auf der Welt im Musikbusiness genutzt. So wurde auch ich auf das Unternehmen aufmerksam. Das Betriebsklima ist sehr gut <\/span><span class=\"NormalTextRun SCXW255594633 BCX0\">bei K&amp;M<\/span><span class=\"NormalTextRun SCXW255594633 BCX0\"> und bedeutet f\u00fcr mich, <\/span><span class=\"NormalTextRun SCXW255594633 BCX0\">Arbeit<\/span><span class=\"NormalTextRun SCXW255594633 BCX0\"> mit netten Kolleginnen und Kollegen in einer famili\u00e4ren Atmosph\u00e4re.<\/span><span class=\"NormalTextRun SCXW255594633 BCX0\"> Ich wurde bei meinem Ausbildungsstart mit offenen Armen empfangen und f\u00fchle mich seitdem wohl. Im ersten Lehrjahr lerne ich drei Lagerabteilungen kennen, im zweiten viele neue B\u00fcroabteilungen. Wo es nach meiner Ausbildung hingeht, ist einfach zu beantworten, denn K&amp;M verfolgt das Ziel, seine Auszubildenden zu \u00fcbernehmen.\u201c<\/span><\/span><span class=\"EOP SCXW255594633 BCX0\" data-ccp-props=\"{}\">\u00a0<\/span><\/p>\n\t<\/div>\n<\/div><div class=\"testimonial\">\n\t<div class=\"testimonial_avatar\">\n\t\t<span class=\"image_wrapper_centered image_wrapper_circle\">\n\t\t\t<img loading=\"lazy\" decoding=\"async\" width=\"600\" height=\"600\" src=\"https:\/\/www.k-m.de\/brand\/wp-content\/uploads\/2021\/05\/7R9A7843_final-600x600.jpg\" class=\"attachment-medium_cropped size-medium_cropped wp-post-image\" alt=\"Portrait von Ahmad Yousufi\" srcset=\"https:\/\/www.k-m.de\/brand\/wp-content\/uploads\/2021\/05\/7R9A7843_final-600x600.jpg 600w, https:\/\/www.k-m.de\/brand\/wp-content\/uploads\/2021\/05\/7R9A7843_final-24x24.jpg 24w, https:\/\/www.k-m.de\/brand\/wp-content\/uploads\/2021\/05\/7R9A7843_final-48x48.jpg 48w, https:\/\/www.k-m.de\/brand\/wp-content\/uploads\/2021\/05\/7R9A7843_final-96x96.jpg 96w, https:\/\/www.k-m.de\/brand\/wp-content\/uploads\/2021\/05\/7R9A7843_final-150x150.jpg 150w, https:\/\/www.k-m.de\/brand\/wp-content\/uploads\/2021\/05\/7R9A7843_final-300x300.jpg 300w\" sizes=\"auto, (max-width: 600px) 100vw, 600px\" \/>\t\t<\/span>\n\t\t<strong>Ahmad Yousufi<\/strong>\n\t\t<p>Auszubildender zum Feinwerkmechaniker<\/p>\n\t<\/div>\n\t<div class=\"testimonial_content\">\n\t\t<p><span class=\"TextRun SCXW252157878 BCX0\" lang=\"DE-DE\" xml:lang=\"DE-DE\" data-contrast=\"auto\"><span class=\"NormalTextRun SCXW252157878 BCX0\">\u201e<\/span><span class=\"NormalTextRun SCXW252157878 BCX0\">K\u00f6nig &amp; Meyer habe ich erstmals im Internet unter dem Stichpunkt \u201eBester Ausbildungsbetrieb im Bereich des Handwerks\u201c gefunden. Die Ausbildung kombiniert sich aus Zerspanungstechnik und <\/span><span class=\"NormalTextRun SpellingErrorV2Themed SCXW252157878 BCX0\">Formbau<\/span><span class=\"NormalTextRun SCXW252157878 BCX0\">. Hierbei lerne ich verschiedene Bereiche wie Werkstofftechnik, CNC-Technik und Maschinenelemente kennen. Die Ausbildung ist sehr vielf\u00e4ltig gestaltet. Besonders die Arbeitsatmosph\u00e4re <\/span><span class=\"NormalTextRun SCXW252157878 BCX0\">gef\u00e4llt mir sehr gut<\/span><span class=\"NormalTextRun SCXW252157878 BCX0\"> und das ich in jeder Abteilung einen \u00dcberblick bekomme. Mein Ausbilder begleitet mich<\/span><span class=\"NormalTextRun SCXW252157878 BCX0\"> t\u00e4glich<\/span><span class=\"NormalTextRun SCXW252157878 BCX0\"> durch meine Ausbildung und integriert mich in den Arbeitsalltag.\u201c<\/span><\/span><span class=\"EOP SCXW252157878 BCX0\" data-ccp-props=\"{}\">\u00a0<\/span><\/p>\n\t<\/div>\n<\/div>\t\t<\/div>\n\t<\/div>\n<\/section>[\/vc_column][\/vc_row][vc_row][vc_column][vc_empty_space height=&#8220;100px&#8220;]\n\n<div class=\"image-teaser\">\n\t\t\t<a href=\"https:\/\/www.k-m.de\/brand\/de\/koenig-meyer\/karriere-und-jobs\/\" target=\"_blank\">\n\t\t\t<div class=\"image-teaser-text\" style=\"place-items: end start; \">\n\t\t\t<div class=\"image-teaser-text-content\">\n\t\t\t\t<\/p>\n<h2 >Stellenangebote<\/h2>\n<p >Du hast schon eine Ausbildung und willst uns direkt als Fachkraft unterst\u00fctzen?<\/p>\n<p>&nbsp;<\/p>\n<div><span class=\"button button_large\">Zu den Stellenangeboten<\/span><\/div>\n<p >\t\t\t<\/div>\n\t\t<\/div>\n\t\t<img loading=\"lazy\" decoding=\"async\" width=\"1800\" height=\"600\" src=\"https:\/\/www.k-m.de\/brand\/wp-content\/uploads\/2024\/08\/Image-Teaser_Karriere.jpg\" class=\"attachment-full size-full\" alt=\"Drei m\u00e4nnliche K&amp;M Azubis im K&amp;M Werk\" srcset=\"https:\/\/www.k-m.de\/brand\/wp-content\/uploads\/2024\/08\/Image-Teaser_Karriere.jpg 1800w, https:\/\/www.k-m.de\/brand\/wp-content\/uploads\/2024\/08\/Image-Teaser_Karriere-600x200.jpg 600w, https:\/\/www.k-m.de\/brand\/wp-content\/uploads\/2024\/08\/Image-Teaser_Karriere-1024x341.jpg 1024w, https:\/\/www.k-m.de\/brand\/wp-content\/uploads\/2024\/08\/Image-Teaser_Karriere-768x256.jpg 768w, https:\/\/www.k-m.de\/brand\/wp-content\/uploads\/2024\/08\/Image-Teaser_Karriere-1536x512.jpg 1536w, https:\/\/www.k-m.de\/brand\/wp-content\/uploads\/2024\/08\/Image-Teaser_Karriere-900x300.jpg 900w\" sizes=\"auto, (max-width: 1800px) 100vw, 1800px\" \/>\t\t\t<\/a>\n\t<\/div>[\/vc_column][\/vc_row][vc_row][vc_column][vc_empty_space][vc_column_text]<\/p>\n<h2 >Erfahre mehr \u00fcber die Ausbildungen bei<br \/>\nK\u00f6nig &amp; Meyer in unserem K-Mag<\/h2>\n<p >[\/vc_column_text]<section class=\"news_teaser\">\t<div class=\"container\">\n\t\t\t\t<h5 class=\"lined_head\">News<\/h5>\n\t\t\t\t\n\t\t<div class=\"lined_head_neighbor\">\n\t\t\t\t\t\t<div class=\"row row_centered\">\n\t\t\t\t\t\t\t\t<div class=\"col-4\">\n\t\t\t\t\t<article class=\"small\">\n\t\t\t\t\t\t<a href=\"https:\/\/www.k-m.de\/brand\/de\/frauen-erobern-technische-berufe-ein-blick-in-die-welt-von-km\/\">\n\t\t\t\t\t\t\t<img loading=\"lazy\" decoding=\"async\" width=\"800\" height=\"480\" src=\"https:\/\/www.k-m.de\/brand\/wp-content\/uploads\/2024\/03\/MicrosoftTeams-image-2-1-800x480.jpg\" class=\"attachment-post-thumbnail size-post-thumbnail wp-post-image\" alt=\"Selina Speier behauptet sich im m\u00e4nnerdominierten Berufsfeld.\" srcset=\"https:\/\/www.k-m.de\/brand\/wp-content\/uploads\/2024\/03\/MicrosoftTeams-image-2-1-800x480.jpg 800w, https:\/\/www.k-m.de\/brand\/wp-content\/uploads\/2024\/03\/MicrosoftTeams-image-2-1-1200x720.jpg 1200w\" sizes=\"auto, (max-width: 800px) 100vw, 800px\" \/>\t\t\t\t\t\t<\/a>\n\t\t\t\t\t\t<h5><a href=\"https:\/\/www.k-m.de\/brand\/de\/category\/azubi-news\/\">Azubi-News<\/a> 07.03.2024<\/h5>\n\t\t\t\t\t\t<a href=\"https:\/\/www.k-m.de\/brand\/de\/frauen-erobern-technische-berufe-ein-blick-in-die-welt-von-km\/\"><h4>Frauen erobern technische Berufe: Ein Blick in die Welt von K&#038;M<\/h4><\/a>\n\t\t\t\t\t<\/article>\n\t\t\t\t<\/div>\n\t\t\t\t\t\t\t\t<div class=\"col-4\">\n\t\t\t\t\t<article class=\"small\">\n\t\t\t\t\t\t<a href=\"https:\/\/www.k-m.de\/brand\/de\/besuch-uns-vor-ort\/\">\n\t\t\t\t\t\t\t<img loading=\"lazy\" decoding=\"async\" width=\"800\" height=\"480\" src=\"https:\/\/www.k-m.de\/brand\/wp-content\/uploads\/2022\/11\/Azubi_1-2-800x480.jpg\" class=\"attachment-post-thumbnail size-post-thumbnail wp-post-image\" alt=\"Azubi Brosch\u00fcre &quot;Become our Hero&quot; liegt auf einem Arbeitstisch in der Produktion\" srcset=\"https:\/\/www.k-m.de\/brand\/wp-content\/uploads\/2022\/11\/Azubi_1-2-800x480.jpg 800w, https:\/\/www.k-m.de\/brand\/wp-content\/uploads\/2022\/11\/Azubi_1-2-1200x720.jpg 1200w\" sizes=\"auto, (max-width: 800px) 100vw, 800px\" \/>\t\t\t\t\t\t<\/a>\n\t\t\t\t\t\t<h5><a href=\"https:\/\/www.k-m.de\/brand\/de\/category\/azubi-news\/\">Azubi-News<\/a> 15.11.2022<\/h5>\n\t\t\t\t\t\t<a href=\"https:\/\/www.k-m.de\/brand\/de\/besuch-uns-vor-ort\/\"><h4>Besuch uns vor Ort<\/h4><\/a>\n\t\t\t\t\t<\/article>\n\t\t\t\t<\/div>\n\t\t\t\t\t\t\t\t<div class=\"col-4\">\n\t\t\t\t\t<article class=\"small\">\n\t\t\t\t\t\t<a href=\"https:\/\/www.k-m.de\/brand\/de\/willkommen-im-km-team\/\">\n\t\t\t\t\t\t\t<img loading=\"lazy\" decoding=\"async\" width=\"800\" height=\"480\" src=\"https:\/\/www.k-m.de\/brand\/wp-content\/uploads\/2021\/09\/Neue_Auszubildende_2021_Instagram-scaled-e1632897157473-800x480.jpg\" class=\"attachment-post-thumbnail size-post-thumbnail wp-post-image\" alt=\"Sieben neue Azubis 2021: Gruppenfoto im Lager\" srcset=\"https:\/\/www.k-m.de\/brand\/wp-content\/uploads\/2021\/09\/Neue_Auszubildende_2021_Instagram-scaled-e1632897157473-800x480.jpg 800w, https:\/\/www.k-m.de\/brand\/wp-content\/uploads\/2021\/09\/Neue_Auszubildende_2021_Instagram-scaled-e1632897157473-1200x720.jpg 1200w\" sizes=\"auto, (max-width: 800px) 100vw, 800px\" \/>\t\t\t\t\t\t<\/a>\n\t\t\t\t\t\t<h5><a href=\"https:\/\/www.k-m.de\/brand\/de\/category\/azubi-news\/\">Azubi-News<\/a> 10.10.2021<\/h5>\n\t\t\t\t\t\t<a href=\"https:\/\/www.k-m.de\/brand\/de\/willkommen-im-km-team\/\"><h4>Willkommen im K&#038;M-Team!<\/h4><\/a>\n\t\t\t\t\t<\/article>\n\t\t\t\t<\/div>\n\t\t\t\t\t\t\t<\/div>\n\t\t\t\t\t\t\t\t<\/div>\n\t<\/div>\n<\/section>[\/vc_column][\/vc_row][vc_row][vc_column][vc_empty_space][vc_column_text]<\/p>\n<h2 >Weitere Informationen &amp; Kontaktm\u00f6glichkeiten<\/h2>\n<p >[\/vc_column_text][\/vc_column][\/vc_row][vc_row][vc_column][vc_raw_html]JTNDZGl2JTIwY2xhc3MlM0QlMjJmb290ZXJfd2lkZ2V0cyUyMGZvb3Rlcl93aWRnZXRzXzIlMjBmb290ZXJfd2lkZ2V0c19qb2JzJTIyJTNFJTBBJTA5JTNDZGl2JTIwY2xhc3MlM0QlMjJmb290ZXJfd2lkZ2V0JTIyJTNFJTBBJTA5JTVCa21fY29udGFjdCUyMGNvbnRhY3QlM0QlMjIyNDYwNyUyMiU1RCUwQSUwOSUzQyUyRmRpdiUzRSUwQSUwOSUzQ2RpdiUyMGNsYXNzJTNEJTIyZm9vdGVyX3dpZGdldCUyMiUzRSUwQSUwOSU1QmttX2NvbnRhY3QlMjBjb250YWN0JTNEJTIyMjgzNjAlMjIlNUQlMEElMDklM0MlMkZkaXYlM0UlMEElM0MlMkZkaXYlM0UlMEElM0NkaXYlMjBjbGFzcyUzRCUyMmZvb3Rlcl93aWRnZXRzJTIwZm9vdGVyX3dpZGdldHNfMyUyMGZvb3Rlcl93aWRnZXRzX2pvYnMlMjIlM0UlMEElMjAlMjAlMjAlMjAlMjAlMjAlMjAlMjAlM0NkaXYlMjBjbGFzcyUzRCUyMmZvb3Rlcl93aWRnZXQlMjIlM0UlMEElMDklNUJrbV9jb250YWN0JTIwY29udGFjdCUzRCUyMjE1OTExJTIyJTVEJTBBJTA5JTNDJTJGZGl2JTNFJTBBJTA5JTNDZGl2JTIwY2xhc3MlM0QlMjJmb290ZXJfd2lkZ2V0JTIyJTNFJTBBJTA5JTVCa21fY29udGFjdCUyMGNvbnRhY3QlM0QlMjIxNTkxOSUyMiU1RCUwQSUwOSUzQyUyRmRpdiUzRSUwQSUwOSUzQ2RpdiUyMGNsYXNzJTNEJTIyZm9vdGVyX3dpZGdldCUyMiUzRSUwQSUwOSU1QmttX2NvbnRhY3QlMjBjb250YWN0JTNEJTIyMTU5NzQlMjIlNUQlMEElMDklM0MlMkZkaXYlM0UlMEElM0MlMkZkaXYlM0U=[\/vc_raw_html][\/vc_column][\/vc_row]<\/p>\n<\/div>","protected":false},"excerpt":{"rendered":"<p>[vc_row][vc_column][vc_column_text] [\/vc_column_text][\/vc_column][\/vc_row][vc_row full_width=&#8220;stretch_row_content_no_spaces&#8220;][vc_column][\/vc_column][\/vc_row][vc_row el_class=&#8220;content_m&#8220;][vc_column][vc_column_text css=&#8220;&#8220;] Ausbildung bei K\u00f6nig &amp; Meyer in Wertheim Werde Teil unseres Familienunternehmens und starte Deine Ausbildung<span class=\"read_more\">Mehr erfahren<\/span><\/p>\n","protected":false},"author":24,"featured_media":0,"parent":8,"menu_order":16,"comment_status":"closed","ping_status":"closed","template":"","meta":{"footnotes":""},"class_list":["post-15881","page","type-page","status-publish","format-standard","hentry"],"better_featured_image":null,"yoast_head":"<!-- This site is optimized with the Yoast SEO Premium plugin v26.8 (Yoast SEO v27.4) - https:\/\/yoast.com\/product\/yoast-seo-premium-wordpress\/ -->\n<title>Ausbildungsstellen in Wertheim - K\u00f6nig &amp; Meyer<\/title>\n<meta name=\"description\" content=\"Alle K\u00f6nig &amp; Meyer Ausbildungsstellen f\u00fcr unseren Standort Wertheim auf einen Blick! \u2605 Wir freuen uns auf Deine Bewerbung! \u2709\" \/>\n<meta name=\"robots\" content=\"index, follow, max-snippet:-1, max-image-preview:large, max-video-preview:-1\" \/>\n<link rel=\"canonical\" href=\"https:\/\/www.k-m.de\/brand\/de\/koenig-meyer\/ausbildungsstellen\/\" \/>\n<meta property=\"og:locale\" content=\"de_DE\" \/>\n<meta property=\"og:type\" content=\"article\" \/>\n<meta property=\"og:title\" content=\"Ausbildungsstellen\" \/>\n<meta property=\"og:description\" content=\"Alle K\u00f6nig &amp; Meyer Ausbildungsstellen f\u00fcr unseren Standort Wertheim auf einen Blick! \u2605 Wir freuen uns auf Deine Bewerbung! \u2709\" \/>\n<meta property=\"og:url\" content=\"https:\/\/www.k-m.de\/brand\/de\/koenig-meyer\/ausbildungsstellen\/\" \/>\n<meta property=\"og:site_name\" content=\"K\u00f6nig &amp; Meyer\" \/>\n<meta property=\"article:modified_time\" content=\"2025-09-29T09:27:29+00:00\" \/>\n<meta name=\"twitter:card\" content=\"summary_large_image\" \/>\n<meta name=\"twitter:label1\" content=\"Gesch\u00e4tzte Lesezeit\" \/>\n\t<meta name=\"twitter:data1\" content=\"2\u00a0Minuten\" \/>\n<script type=\"application\/ld+json\" class=\"yoast-schema-graph\">{\"@context\":\"https:\\\/\\\/schema.org\",\"@graph\":[{\"@type\":\"WebPage\",\"@id\":\"https:\\\/\\\/www.k-m.de\\\/brand\\\/de\\\/koenig-meyer\\\/ausbildungsstellen\\\/\",\"url\":\"https:\\\/\\\/www.k-m.de\\\/brand\\\/de\\\/koenig-meyer\\\/ausbildungsstellen\\\/\",\"name\":\"Ausbildungsstellen in Wertheim - K\u00f6nig & Meyer\",\"isPartOf\":{\"@id\":\"https:\\\/\\\/www.k-m.de\\\/brand\\\/de\\\/#website\"},\"datePublished\":\"2021-05-06T08:20:16+00:00\",\"dateModified\":\"2025-09-29T09:27:29+00:00\",\"description\":\"Alle K\u00f6nig & Meyer Ausbildungsstellen f\u00fcr unseren Standort Wertheim auf einen Blick! \u2605 Wir freuen uns auf Deine Bewerbung! \u2709\",\"breadcrumb\":{\"@id\":\"https:\\\/\\\/www.k-m.de\\\/brand\\\/de\\\/koenig-meyer\\\/ausbildungsstellen\\\/#breadcrumb\"},\"inLanguage\":\"de\",\"potentialAction\":[{\"@type\":\"ReadAction\",\"target\":[\"https:\\\/\\\/www.k-m.de\\\/brand\\\/de\\\/koenig-meyer\\\/ausbildungsstellen\\\/\"]}]},{\"@type\":\"BreadcrumbList\",\"@id\":\"https:\\\/\\\/www.k-m.de\\\/brand\\\/de\\\/koenig-meyer\\\/ausbildungsstellen\\\/#breadcrumb\",\"itemListElement\":[{\"@type\":\"ListItem\",\"position\":1,\"name\":\"Startseite\",\"item\":\"https:\\\/\\\/www.k-m.de\\\/brand\\\/de\\\/\"},{\"@type\":\"ListItem\",\"position\":2,\"name\":\"K\u00f6nig &#038; Meyer\",\"item\":\"https:\\\/\\\/www.k-m.de\\\/brand\\\/de\\\/koenig-meyer\\\/\"},{\"@type\":\"ListItem\",\"position\":3,\"name\":\"Ausbildungsstellen\"}]},{\"@type\":\"WebSite\",\"@id\":\"https:\\\/\\\/www.k-m.de\\\/brand\\\/de\\\/#website\",\"url\":\"https:\\\/\\\/www.k-m.de\\\/brand\\\/de\\\/\",\"name\":\"K\u00f6nig & Meyer\",\"description\":\"K\u00f6nig &amp; Meyer ist ein weltweit f\u00fchrender Hersteller f\u00fcr Musikzubeh\u00f6r. Seit \u00fcber 65 Jahren steht K&amp;M f\u00fcr qualitativ hochwertige Produkte.\",\"publisher\":{\"@id\":\"https:\\\/\\\/www.k-m.de\\\/brand\\\/de\\\/#organization\"},\"potentialAction\":[{\"@type\":\"SearchAction\",\"target\":{\"@type\":\"EntryPoint\",\"urlTemplate\":\"https:\\\/\\\/www.k-m.de\\\/brand\\\/de\\\/?s={search_term_string}\"},\"query-input\":{\"@type\":\"PropertyValueSpecification\",\"valueRequired\":true,\"valueName\":\"search_term_string\"}}],\"inLanguage\":\"de\"},{\"@type\":\"Organization\",\"@id\":\"https:\\\/\\\/www.k-m.de\\\/brand\\\/de\\\/#organization\",\"name\":\"K\u00f6nig & Meyer\",\"url\":\"https:\\\/\\\/www.k-m.de\\\/brand\\\/de\\\/\",\"logo\":{\"@type\":\"ImageObject\",\"inLanguage\":\"de\",\"@id\":\"https:\\\/\\\/www.k-m.de\\\/brand\\\/de\\\/#\\\/schema\\\/logo\\\/image\\\/\",\"url\":\"https:\\\/\\\/www.k-m.de\\\/brand\\\/wp-content\\\/uploads\\\/2023\\\/01\\\/KM_1c.tif\",\"contentUrl\":\"https:\\\/\\\/www.k-m.de\\\/brand\\\/wp-content\\\/uploads\\\/2023\\\/01\\\/KM_1c.tif\",\"width\":1,\"height\":1,\"caption\":\"K\u00f6nig & Meyer\"},\"image\":{\"@id\":\"https:\\\/\\\/www.k-m.de\\\/brand\\\/de\\\/#\\\/schema\\\/logo\\\/image\\\/\"}}]}<\/script>\n<!-- \/ Yoast SEO Premium plugin. -->","yoast_head_json":{"title":"Ausbildungsstellen in Wertheim - K\u00f6nig & Meyer","description":"Alle K\u00f6nig & Meyer Ausbildungsstellen f\u00fcr unseren Standort Wertheim auf einen Blick! \u2605 Wir freuen uns auf Deine Bewerbung! \u2709","robots":{"index":"index","follow":"follow","max-snippet":"max-snippet:-1","max-image-preview":"max-image-preview:large","max-video-preview":"max-video-preview:-1"},"canonical":"https:\/\/www.k-m.de\/brand\/de\/koenig-meyer\/ausbildungsstellen\/","og_locale":"de_DE","og_type":"article","og_title":"Ausbildungsstellen","og_description":"Alle K\u00f6nig & Meyer Ausbildungsstellen f\u00fcr unseren Standort Wertheim auf einen Blick! \u2605 Wir freuen uns auf Deine Bewerbung! \u2709","og_url":"https:\/\/www.k-m.de\/brand\/de\/koenig-meyer\/ausbildungsstellen\/","og_site_name":"K\u00f6nig &amp; Meyer","article_modified_time":"2025-09-29T09:27:29+00:00","twitter_card":"summary_large_image","twitter_misc":{"Gesch\u00e4tzte Lesezeit":"2\u00a0Minuten"},"schema":{"@context":"https:\/\/schema.org","@graph":[{"@type":"WebPage","@id":"https:\/\/www.k-m.de\/brand\/de\/koenig-meyer\/ausbildungsstellen\/","url":"https:\/\/www.k-m.de\/brand\/de\/koenig-meyer\/ausbildungsstellen\/","name":"Ausbildungsstellen in Wertheim - K\u00f6nig & Meyer","isPartOf":{"@id":"https:\/\/www.k-m.de\/brand\/de\/#website"},"datePublished":"2021-05-06T08:20:16+00:00","dateModified":"2025-09-29T09:27:29+00:00","description":"Alle K\u00f6nig & Meyer Ausbildungsstellen f\u00fcr unseren Standort Wertheim auf einen Blick! \u2605 Wir freuen uns auf Deine Bewerbung! \u2709","breadcrumb":{"@id":"https:\/\/www.k-m.de\/brand\/de\/koenig-meyer\/ausbildungsstellen\/#breadcrumb"},"inLanguage":"de","potentialAction":[{"@type":"ReadAction","target":["https:\/\/www.k-m.de\/brand\/de\/koenig-meyer\/ausbildungsstellen\/"]}]},{"@type":"BreadcrumbList","@id":"https:\/\/www.k-m.de\/brand\/de\/koenig-meyer\/ausbildungsstellen\/#breadcrumb","itemListElement":[{"@type":"ListItem","position":1,"name":"Startseite","item":"https:\/\/www.k-m.de\/brand\/de\/"},{"@type":"ListItem","position":2,"name":"K\u00f6nig &#038; Meyer","item":"https:\/\/www.k-m.de\/brand\/de\/koenig-meyer\/"},{"@type":"ListItem","position":3,"name":"Ausbildungsstellen"}]},{"@type":"WebSite","@id":"https:\/\/www.k-m.de\/brand\/de\/#website","url":"https:\/\/www.k-m.de\/brand\/de\/","name":"K\u00f6nig & Meyer","description":"K\u00f6nig &amp; Meyer ist ein weltweit f\u00fchrender Hersteller f\u00fcr Musikzubeh\u00f6r. Seit \u00fcber 65 Jahren steht K&amp;M f\u00fcr qualitativ hochwertige Produkte.","publisher":{"@id":"https:\/\/www.k-m.de\/brand\/de\/#organization"},"potentialAction":[{"@type":"SearchAction","target":{"@type":"EntryPoint","urlTemplate":"https:\/\/www.k-m.de\/brand\/de\/?s={search_term_string}"},"query-input":{"@type":"PropertyValueSpecification","valueRequired":true,"valueName":"search_term_string"}}],"inLanguage":"de"},{"@type":"Organization","@id":"https:\/\/www.k-m.de\/brand\/de\/#organization","name":"K\u00f6nig & Meyer","url":"https:\/\/www.k-m.de\/brand\/de\/","logo":{"@type":"ImageObject","inLanguage":"de","@id":"https:\/\/www.k-m.de\/brand\/de\/#\/schema\/logo\/image\/","url":"https:\/\/www.k-m.de\/brand\/wp-content\/uploads\/2023\/01\/KM_1c.tif","contentUrl":"https:\/\/www.k-m.de\/brand\/wp-content\/uploads\/2023\/01\/KM_1c.tif","width":1,"height":1,"caption":"K\u00f6nig & Meyer"},"image":{"@id":"https:\/\/www.k-m.de\/brand\/de\/#\/schema\/logo\/image\/"}}]}},"_links":{"self":[{"href":"https:\/\/www.k-m.de\/brand\/de\/wp-json\/wp\/v2\/pages\/15881","targetHints":{"allow":["GET"]}}],"collection":[{"href":"https:\/\/www.k-m.de\/brand\/de\/wp-json\/wp\/v2\/pages"}],"about":[{"href":"https:\/\/www.k-m.de\/brand\/de\/wp-json\/wp\/v2\/types\/page"}],"author":[{"embeddable":true,"href":"https:\/\/www.k-m.de\/brand\/de\/wp-json\/wp\/v2\/users\/24"}],"replies":[{"embeddable":true,"href":"https:\/\/www.k-m.de\/brand\/de\/wp-json\/wp\/v2\/comments?post=15881"}],"version-history":[{"count":81,"href":"https:\/\/www.k-m.de\/brand\/de\/wp-json\/wp\/v2\/pages\/15881\/revisions"}],"predecessor-version":[{"id":40420,"href":"https:\/\/www.k-m.de\/brand\/de\/wp-json\/wp\/v2\/pages\/15881\/revisions\/40420"}],"up":[{"embeddable":true,"href":"https:\/\/www.k-m.de\/brand\/de\/wp-json\/wp\/v2\/pages\/8"}],"wp:attachment":[{"href":"https:\/\/www.k-m.de\/brand\/de\/wp-json\/wp\/v2\/media?parent=15881"}],"curies":[{"name":"wp","href":"https:\/\/api.w.org\/{rel}","templated":true}]}}